{"id":370,"date":"2022-05-24T18:48:17","date_gmt":"2022-05-24T18:48:17","guid":{"rendered":"https:\/\/www.granadalatina.es\/?page_id=370"},"modified":"2022-05-24T18:51:40","modified_gmt":"2022-05-24T18:51:40","slug":"prensa","status":"publish","type":"page","link":"https:\/\/www.granadalatina.es\/en\/prensa\/","title":{"rendered":"PRENSA"},"content":{"rendered":"<h1>\n<h1>ACREDITACIONES PRENSA<\/h1>\n<\/h1>\n<div>\n<div>La cifra de acreditaciones profesionales para medios de comunicaci\u00f3n que deseen venir a Granada Latina Festival a hacer una cobertura period\u00edstica del evento son limitadas. Para valorar su concesi\u00f3n, la organizaci\u00f3n tendr\u00e1 en cuenta el nivel de difusi\u00f3n de los medios interesados y el historial de art\u00edculos o publicaciones acerca del festival aparecidas en el medio en el transcurso de la presente edici\u00f3n.<\/div>\n<div class=\"uk-margin\">\n<p>Por favor, env\u00eda un correo a <a href=\"mailto:info@woomedia.es\">info@woomedia.es\u00a0<\/a>adjuntando el historial completo de art\u00edculos o publicaciones aparecidas en el medio acerca de Granada Latina y detallando el proyecto de cobertura para esta edici\u00f3n. Nosotros nos pondremos en contacto contigo a la mayor brevedad.<\/p>\n<\/div>\n<\/div>\n<p><!-- {\"type\":\"layout\",\"children\":[{\"type\":\"section\",\"props\":{\"style\":\"default\",\"width\":\"default\",\"vertical_align\":\"middle\",\"title_position\":\"top-left\",\"title_rotation\":\"left\",\"title_breakpoint\":\"xl\",\"image_position\":\"center-center\"},\"children\":[{\"type\":\"row\",\"children\":[{\"type\":\"column\",\"props\":{\"image_position\":\"center-center\",\"media_overlay_gradient\":\"\"},\"children\":[{\"type\":\"headline\",\"props\":{\"title_element\":\"h1\",\"content\":\"\n\n<h1>ACREDITACIONES PRENSA<\\\/h1>\"}},{\"type\":\"text\",\"props\":{\"margin\":\"default\",\"column_breakpoint\":\"m\",\"content\":\"\n\n<div>La cifra de acreditaciones profesionales para medios de comunicaci\\u00f3n que deseen venir a Granada Latina Festival a hacer una cobertura period\\u00edstica del evento son limitadas. Para valorar su concesi\\u00f3n, la organizaci\\u00f3n tendr\\u00e1 en cuenta el nivel de difusi\\u00f3n de los medios interesados y el historial de art\\u00edculos o publicaciones acerca del festival aparecidas en el medio en el transcurso de la presente edici\\u00f3n.<\\\/div>\\n\n\n<div class=\\\"uk-margin\\\">\\n\n\n<p>Por favor, env\\u00eda un correo a <a href=\\\"mailto:info@woomedia.es\\\">info@woomedia.es\\u00a0<\\\/a>adjuntando el historial completo de art\\u00edculos o publicaciones aparecidas en el medio acerca de Granada Latina y detallando el proyecto de cobertura para esta edici\\u00f3n. Nosotros nos pondremos en contacto contigo a la mayor brevedad.<\\\/p>\\n<\\\/div>\"}}]}]}]}],\"version\":\"2.1.1\"} --><\/p>\n","protected":false},"excerpt":{"rendered":"<p>ACREDITACIONES PRENSA La cifra de acreditaciones profesionales para medios de comunicaci\u00f3n que deseen venir a Granada Latina Festival a hacer una cobertura period\u00edstica del evento son limitadas. Para valorar su concesi\u00f3n, la organizaci\u00f3n tendr\u00e1 en cuenta el nivel de difusi\u00f3n de los medios interesados y el historial de art\u00edculos o publicaciones acerca del festival aparecidas [&hellip;]<\/p>\n","protected":false},"author":1,"featured_media":0,"parent":0,"menu_order":0,"comment_status":"closed","ping_status":"closed","template":"","meta":{"footnotes":""},"class_list":["post-370","page","type-page","status-publish","hentry"],"_links":{"self":[{"href":"https:\/\/www.granadalatina.es\/en\/wp-json\/wp\/v2\/pages\/370","targetHints":{"allow":["GET"]}}],"collection":[{"href":"https:\/\/www.granadalatina.es\/en\/wp-json\/wp\/v2\/pages"}],"about":[{"href":"https:\/\/www.granadalatina.es\/en\/wp-json\/wp\/v2\/types\/page"}],"author":[{"embeddable":true,"href":"https:\/\/www.granadalatina.es\/en\/wp-json\/wp\/v2\/users\/1"}],"replies":[{"embeddable":true,"href":"https:\/\/www.granadalatina.es\/en\/wp-json\/wp\/v2\/comments?post=370"}],"version-history":[{"count":4,"href":"https:\/\/www.granadalatina.es\/en\/wp-json\/wp\/v2\/pages\/370\/revisions"}],"predecessor-version":[{"id":375,"href":"https:\/\/www.granadalatina.es\/en\/wp-json\/wp\/v2\/pages\/370\/revisions\/375"}],"wp:attachment":[{"href":"https:\/\/www.granadalatina.es\/en\/wp-json\/wp\/v2\/media?parent=370"}],"curies":[{"name":"wp","href":"https:\/\/api.w.org\/{rel}","templated":true}]}}